{"id":3518,"date":"2025-09-18T11:57:08","date_gmt":"2025-09-18T09:57:08","guid":{"rendered":"https:\/\/www.moeschag.ch\/a-propos-de-nous\/"},"modified":"2026-03-06T10:45:40","modified_gmt":"2026-03-06T09:45:40","slug":"a-propos-de-nous","status":"publish","type":"page","link":"https:\/\/www.moeschag.ch\/fr\/a-propos-de-nous\/","title":{"rendered":"\u00c0 propos de nous"},"content":{"rendered":"<div id=\"block_211ab0f161eccd6b91a8555c062bcd15\" class=\"block-hero md:border-l-1 md:border-r-1 border-border-15  \">\n    <!-- First wrapper with content -->\n    <div class=\"hero__content grid md:grid-cols-12\">\n                    <h1 class=\"hero__title md:ml-[-0.75rem] col-span-12 md:col-span-4 font-bold text-h1 pr-xs pt-[124px] md:pt-section-padding-t-l pb-xs md:pb-3xl\">\n                70 ans \u00e0 vos c\u00f4t\u00e9s dans le conseil technique            <\/h1>\n        \n        <div class=\"col-span-12 md:col-span-3\"><\/div>\n        \n                    <div class=\"hero__text col-span-12 md:col-span-5 flex w-full items-end justify-end md:pt-section-padding-t-l pb-xl md:pb-3xl typo-off md:-mr-2xs -mr-0\">\n                <div class=\"hero__text-content text-secondary-600 flex-1 gap-m\">\n                    <p>Nous sommes une entreprise familiale active au niveau national, avec plus de 70 ans d&rsquo;exp\u00e9rience dans le d\u00e9veloppement et la fourniture de solutions personnalis\u00e9es et de composants industriels parfaitement adapt\u00e9s. Gr\u00e2ce \u00e0 une large gamme de produits, \u00e0 l&rsquo;\u00e9largissement par Enor AG et \u00e0 une \u00e9troite collaboration avec les clients et les fournisseurs, nous proposons des solutions personnalis\u00e9es ainsi que de nombreux produits en stock. Nous mettons l&rsquo;accent sur des partenariats durables \u00e0 long terme et sur une qualit\u00e9 \u00e9lev\u00e9e de produits et de services.  <\/p>\n                    \n                                    <\/div>\n            <\/div>\n            <\/div>\n\n    <\/div>    <!-- Second wrapper with full image width -->\n    <div class=\"hero__image alignfull relative\">\n        <img decoding=\"async\" width=\"1920\" height=\"530\" src=\"https:\/\/www.moeschag.ch\/wp-content\/uploads\/2025\/09\/hero-img.png\" class=\"hero__img max-h-[530px] w-full object-cover typo-off\" alt=\"\" srcset=\"https:\/\/www.moeschag.ch\/wp-content\/uploads\/2025\/09\/hero-img.png 1920w, https:\/\/www.moeschag.ch\/wp-content\/uploads\/2025\/09\/hero-img-300x83.png 300w, https:\/\/www.moeschag.ch\/wp-content\/uploads\/2025\/09\/hero-img-1024x283.png 1024w, https:\/\/www.moeschag.ch\/wp-content\/uploads\/2025\/09\/hero-img-768x212.png 768w, https:\/\/www.moeschag.ch\/wp-content\/uploads\/2025\/09\/hero-img-1536x424.png 1536w\" sizes=\"(max-width: 1920px) 100vw, 1920px\" \/>        <div class=\"l-wrap w-full h-full md:border-l-1 md:border-r-1 border-border-15 absolute inset-0 w-full h-full pointer-events-none\">\n        <\/div>\n    <\/div>\n\n<p>Nous sommes une entreprise familiale d&rsquo;envergure nationale sp\u00e9cialis\u00e9e dans le commerce d&rsquo;applications industrielles.<\/p>\n\n<p>D\u00e8s la cr\u00e9ation de l&rsquo;entreprise, notre gamme de produits comprenait des \u00e9lectrovannes, des thermostats, des radiateurs \u00e9lectriques et des programmateurs. Au fil des ann\u00e9es, de nombreux autres produits ont \u00e9t\u00e9 ajout\u00e9s, tels que des cartouches chauffantes \u00e0 haut rendement, des vannes pneumatiques, des manom\u00e8tres et des raccords pneumatiques. <\/p>\n\n<p>Avec l&rsquo;acquisition de la soci\u00e9t\u00e9 Enor AG en 2007, nous avons \u00e9largi notre gamme de produits avec des sondes de temp\u00e9rature, des vannes de gaz, des filtres \u00e0 gaz ainsi que des appareils de r\u00e9gulation \u00e9lectroniques.<\/p>\n\n<p>Nous sommes sp\u00e9cialis\u00e9s dans la satisfaction des besoins complexes de nos clients et dans l&rsquo;\u00e9laboration de solutions sp\u00e9cifiques en \u00e9troite collaboration avec nos clients et fournisseurs. Nous disposons \u00e9galement d&rsquo;une large gamme de produits standardis\u00e9s en stock. <\/p>\n\n<p>Notre exp\u00e9rience de plus de 70 ans, ainsi que les bonnes relations que nous entretenons avec nos clients de longue date, nous aident \u00e0 \u00e9tablir un lien direct avec les besoins du march\u00e9. Cela montre \u00e9galement que nous souhaitons avoir un contact tr\u00e8s proche et durable avec nos clients. <\/p>\n\n<p>Ainsi, nous sommes en mesure de fournir un service de qualit\u00e9 et des solutions rapides dans les situations les plus diverses.<\/p>\n\n<p>Il est important pour nous d&rsquo;\u00e9tablir une coop\u00e9ration \u00e0 long terme et surtout durable avec nos employ\u00e9s, nos clients et nos fournisseurs. C&rsquo;est la seule fa\u00e7on de garantir la qualit\u00e9 constante de nos produits et de nos services. <\/p>\n<div id=\"block_3767cf40519e2edf964c807966b687b7\" class=\"block-content-featured-list default-block-spacing-l overflow-visible typo-off md:border-l-1 border-l-border-15 typo-off  \">    \n    <div class=\"md:l-wrap\">\n        <div class=\"features-content\">\n            <div class=\"features-content__container grid md:grid-cols-12 md:gap-7xl\">\n                        <div class=\"features-content__image col-span-6\">\n                <img decoding=\"async\" width=\"720\" height=\"834\" src=\"https:\/\/www.moeschag.ch\/wp-content\/uploads\/2025\/09\/engineer.png\" class=\"features-content__img w-full h-full object-cover\" alt=\"\" srcset=\"https:\/\/www.moeschag.ch\/wp-content\/uploads\/2025\/09\/engineer.png 720w, https:\/\/www.moeschag.ch\/wp-content\/uploads\/2025\/09\/engineer-259x300.png 259w\" sizes=\"(max-width: 720px) 100vw, 720px\" \/>            <\/div>\n                        \n            <div class=\"features-content__content col-span-6 pb-3xl\">\n                                    <div class=\"features-content__header mb-xs\">\n                        <h2 class=\"features-content__title title heading-h2\">\n                            Votre partenaire de confiance pour des solutions de composants sur mesure                        <\/h2>\n                    <\/div>\n                                \n                                                        <div class=\"features-content__text mb-3xl !text-secondary-600\">\n                        <p>D\u00e9couvrez nos principales cat\u00e9gories de produits &#8211; con\u00e7ues pour la performance, la durabilit\u00e9 et l&rsquo;int\u00e9gration transparente dans des syst\u00e8mes complexes. Que vous conceviez de nouvelles installations ou que vous optimisiez des applications existantes : Nous fournissons des composants sur lesquels vous pouvez compter. <\/p>\n                    <\/div>\n                                \n                                    <ul class=\"features-content__features grid gap-s\">\n                                                    <li class=\"features-content__feature flex items-center\">\n                                                                    <div class=\"features-content__feature-icon mr-m\">\n                                        <img decoding=\"async\" width=\"60\" height=\"61\" src=\"https:\/\/www.moeschag.ch\/wp-content\/uploads\/2025\/09\/custom-solutions1.svg\" class=\"features-content__icon\" alt=\"\" \/>                                    <\/div>\n                                                                                                    <p class=\"features-content__feature-text text-xl font-bold h-fit\">\n                                        M\u00f6sch propose une gamme de produits unique en son genre                                    <\/p>\n                                                            <\/li>\n                                                    <li class=\"features-content__feature flex items-center\">\n                                                                    <div class=\"features-content__feature-icon mr-m\">\n                                        <img decoding=\"async\" width=\"60\" height=\"61\" src=\"https:\/\/www.moeschag.ch\/wp-content\/uploads\/2025\/09\/experience-icon1.svg\" class=\"features-content__icon\" alt=\"\" \/>                                    <\/div>\n                                                                                                    <p class=\"features-content__feature-text text-xl font-bold h-fit\">\n                                        70 ans et plus d&#039;exp\u00e9rience du march\u00e9 dans le domaine du chauffage &#8211; mesure &#8211; r\u00e9gulation                                    <\/p>\n                                                            <\/li>\n                                                    <li class=\"features-content__feature flex items-center\">\n                                                                    <div class=\"features-content__feature-icon mr-m\">\n                                        <img decoding=\"async\" width=\"60\" height=\"61\" src=\"https:\/\/www.moeschag.ch\/wp-content\/uploads\/2025\/09\/swiss-quality-icon1.svg\" class=\"features-content__icon\" alt=\"\" \/>                                    <\/div>\n                                                                                                    <p class=\"features-content__feature-text text-xl font-bold h-fit\">\n                                        Nous sommes sp\u00e9cialis\u00e9s dans la satisfaction des besoins complexes de nos clients.                                    <\/p>\n                                                            <\/li>\n                                                    <li class=\"features-content__feature flex items-center\">\n                                                                    <div class=\"features-content__feature-icon mr-m\">\n                                        <img decoding=\"async\" width=\"60\" height=\"61\" src=\"https:\/\/www.moeschag.ch\/wp-content\/uploads\/2025\/09\/custom-solutions1.svg\" class=\"features-content__icon\" alt=\"\" \/>                                    <\/div>\n                                                                                                    <p class=\"features-content__feature-text text-xl font-bold h-fit\">\n                                        Une collaboration \u00e9troite et de longue date avec les clients et les fournisseurs                                    <\/p>\n                                                            <\/li>\n                                                    <li class=\"features-content__feature flex items-center\">\n                                                                    <div class=\"features-content__feature-icon mr-m\">\n                                        <img decoding=\"async\" width=\"60\" height=\"61\" src=\"https:\/\/www.moeschag.ch\/wp-content\/uploads\/2025\/09\/experience-icon1.svg\" class=\"features-content__icon\" alt=\"\" \/>                                    <\/div>\n                                                                                                    <p class=\"features-content__feature-text text-xl font-bold h-fit\">\n                                        Nous proposons des contrats-cadres pour des livraisons rapides                                    <\/p>\n                                                            <\/li>\n                                            <\/ul>\n                                \n                                    <div class=\"features-content__cta\">\n                                                <a class=\"features-content__button btn btn--outline mt-3xl\" href=\"\/produkte\">\n                            Vers les produits                        <\/a>\n                    <\/div>\n                            <\/div>\n        <\/div>\n    <\/div>\n    <\/div>\n\n    <\/div><div id=\"block_e0456969184a59f88cb8ee721dde2670\" class=\"block-stats-block bg-secondary-700 text-white typo-off  \">\n    <div class=\"stats_block -mx-3\">\n                <div class=\"stats_block__stats grid grid-cols-1 md:grid-cols-2 lg:grid-cols-4 md:gap-l\">\n                            <div class=\"stats_block__stat md:pl-3xl md:border-l-1 md:border-white-50 default-block-spacing-l text-center md:text-left border-b-1 md:border-b-0 border-b-white-50\">\n                    <div class=\"stats_block__stat-number\">\n                        <h3 class=\"stats_block__stat-header text-stats-number text-primary font-bold mb-5xs\">\n                            <span class=\"stats_block__stat-number-value text-primary\" data-target=\"70\">70<\/span>\n                                                    <\/h3>\n                    <\/div>\n                    <div class=\"stats_block__stat-description\">\n                        <p class=\"stats_block__stat-desc font-bold\">\n                            ann\u00e9es d&#039;exp\u00e9rience                        <\/p>\n                    <\/div>\n                <\/div>\n                            <div class=\"stats_block__stat md:pl-3xl md:border-l-1 md:border-white-50 default-block-spacing-l text-center md:text-left border-b-1 md:border-b-0 border-b-white-50\">\n                    <div class=\"stats_block__stat-number\">\n                        <h3 class=\"stats_block__stat-header text-stats-number text-primary font-bold mb-5xs\">\n                            <span class=\"stats_block__stat-number-value text-primary\" data-target=\"6\">6<\/span>\n                                                    <\/h3>\n                    <\/div>\n                    <div class=\"stats_block__stat-description\">\n                        <p class=\"stats_block__stat-desc font-bold\">\n                            Employ\u00e9s                        <\/p>\n                    <\/div>\n                <\/div>\n                            <div class=\"stats_block__stat md:pl-3xl md:border-l-1 md:border-white-50 default-block-spacing-l text-center md:text-left border-b-1 md:border-b-0 border-b-white-50\">\n                    <div class=\"stats_block__stat-number\">\n                        <h3 class=\"stats_block__stat-header text-stats-number text-primary font-bold mb-5xs\">\n                            <span class=\"stats_block__stat-number-value text-primary\" data-target=\"500\">500<\/span>\n                                                            <span class=\"stats_block__stat-symbol text-primary\">+<\/span>\n                                                    <\/h3>\n                    <\/div>\n                    <div class=\"stats_block__stat-description\">\n                        <p class=\"stats_block__stat-desc font-bold\">\n                            Clients existants                        <\/p>\n                    <\/div>\n                <\/div>\n                            <div class=\"stats_block__stat md:pl-3xl md:border-l-1 md:border-white-50 default-block-spacing-l text-center md:text-left border-b-1 md:border-b-0 border-b-white-50\">\n                    <div class=\"stats_block__stat-number\">\n                        <h3 class=\"stats_block__stat-header text-stats-number text-primary font-bold mb-5xs\">\n                            <span class=\"stats_block__stat-number-value text-primary\" data-target=\"15\">15<\/span>\n                                                            <span class=\"stats_block__stat-symbol text-primary\"> +<\/span>\n                                                    <\/h3>\n                    <\/div>\n                    <div class=\"stats_block__stat-description\">\n                        <p class=\"stats_block__stat-desc font-bold\">\n                            Fournisseurs principaux                        <\/p>\n                    <\/div>\n                <\/div>\n                    <\/div>\n            <\/div>\n\n    <\/div><div id=\"block_5d8b1e0e2c92aae20ac2ecc0e6654bde\" class=\"block-content-media md:border-l-1 md:border-r-1 border-border-15 overflow-visible bg-body-bg  \">\n    <div class=\"content-media pt-section-padding-t-l pb-section-padding-b-l\">\n        <div class=\"content-media__container grid grid-cols-1 md:grid-cols-12 gap-l md:gap-6xl items-center\">\n            \n            <!-- Content Section -->\n            <div class=\"content-media__content order-2 md:col-span-6 md:order-1 md:pl-3xl\">\n                                    <h2 class=\"content-media__header font-bold text-h2 mb-s text-secondary-700 typo-off\">\n                        Notre mission et notre vision                    <\/h2>\n                                \n                                    <div class=\"content-media__text mb-xl\">\n                        <p>Avec plus de 70 ans d&rsquo;exp\u00e9rience, un engagement constant en faveur de la plus haute qualit\u00e9 et des r\u00e9sultats prouv\u00e9s en mati\u00e8re de livraison dans les d\u00e9lais de solutions sur mesure, nous sommes le partenaire fiable en qui vous pouvez avoir confiance.<br data-start=\"393\" data-end=\"396\">Nous d\u00e9veloppons et fournissons des solutions de chauffage con\u00e7ues avec pr\u00e9cision, qui d\u00e9passent les attentes des clients &#8211; gr\u00e2ce \u00e0 une qualit\u00e9 sans compromis, une innovation personnalis\u00e9e et un service r\u00e9actif.<\/p>\n<p><br data-start=\"580\" data-end=\"583\">Nous permettons ainsi aux entreprises industrielles de toute la Suisse d&rsquo;atteindre une pr\u00e9cision et une fiabilit\u00e9 maximales. Notre objectif est de relever les d\u00e9fis techniques les plus exigeants et de faire avancer vos projets avec succ\u00e8s. <\/p>\n                    <\/div>\n                                \n                            <\/div>\n            \n            <!-- Media Section -->\n                            <div class=\"content-media__media order-1 content-media__media--right md:col-span-6 md:order-2\">\n                    <div class=\"content-media__image\">\n                        <img decoding=\"async\" width=\"1024\" height=\"683\" src=\"https:\/\/www.moeschag.ch\/wp-content\/uploads\/2025\/12\/Moesch_Stefan_Marc-1024x683.jpg\" class=\"content-media__img w-full h-auto object-cover typo-off\" alt=\"\" loading=\"lazy\" srcset=\"https:\/\/www.moeschag.ch\/wp-content\/uploads\/2025\/12\/Moesch_Stefan_Marc-1024x683.jpg 1024w, https:\/\/www.moeschag.ch\/wp-content\/uploads\/2025\/12\/Moesch_Stefan_Marc-300x200.jpg 300w, https:\/\/www.moeschag.ch\/wp-content\/uploads\/2025\/12\/Moesch_Stefan_Marc-768x512.jpg 768w, https:\/\/www.moeschag.ch\/wp-content\/uploads\/2025\/12\/Moesch_Stefan_Marc-1536x1024.jpg 1536w, https:\/\/www.moeschag.ch\/wp-content\/uploads\/2025\/12\/Moesch_Stefan_Marc.jpg 1600w\" sizes=\"auto, (max-width: 1024px) 100vw, 1024px\" \/>                    <\/div>\n                <\/div>\n                        \n        <\/div>\n    <\/div>\n\n    <\/div><div id=\"block_4b98906d454000f0e9b0ce3594f4a151\" class=\"block-team default-block-spacing-l md:border-l-1 border-l-border-15  \">\n    <div class=\"team md:pl-3xl\">\n                    <div class=\"team__header mb-2xl\">\n                <h2 class=\"team__title font-bold text-h2 typo-off\">\n                    Notre \u00e9quipe                <\/h2>\n            <\/div>\n                \n                    <div class=\"team__grid grid grid-cols-1 md:grid-cols-2 lg:grid-cols-3 gap-3xl\">\n                                                        \n                    <article class=\"team__card bg-white border-b-6 border-b-primary\">\n                        <div class=\"team-card block h-full\">\n                            \n                                                            <div class=\"team-card__image\">\n                                    <img decoding=\"async\" width=\"2560\" height=\"2560\" src=\"https:\/\/www.moeschag.ch\/wp-content\/uploads\/2025\/12\/IMG_0382-1-1.jpg\" class=\"team-card__img w-full object-cover typo-off aspect-square\" alt=\"\" loading=\"lazy\" srcset=\"https:\/\/www.moeschag.ch\/wp-content\/uploads\/2025\/12\/IMG_0382-1-1.jpg 2560w, https:\/\/www.moeschag.ch\/wp-content\/uploads\/2025\/12\/IMG_0382-1-1-300x300.jpg 300w, https:\/\/www.moeschag.ch\/wp-content\/uploads\/2025\/12\/IMG_0382-1-1-1024x1024.jpg 1024w, https:\/\/www.moeschag.ch\/wp-content\/uploads\/2025\/12\/IMG_0382-1-1-150x150.jpg 150w, https:\/\/www.moeschag.ch\/wp-content\/uploads\/2025\/12\/IMG_0382-1-1-768x768.jpg 768w, https:\/\/www.moeschag.ch\/wp-content\/uploads\/2025\/12\/IMG_0382-1-1-1536x1536.jpg 1536w, https:\/\/www.moeschag.ch\/wp-content\/uploads\/2025\/12\/IMG_0382-1-1-2048x2048.jpg 2048w\" sizes=\"auto, (max-width: 2560px) 100vw, 2560px\" \/>                                <\/div>\n                                                        \n                            <div class=\"team-card__content py-l px-s flex justify-between\">\n                                <div class=\"team-card__info pr-2xl\">\n                                                                            <h3 class=\"team-card__name font-bold text-xl mb-7xs text-secondary-700 typo-off\">\n                                            Stefan M\u00fcller                                        <\/h3>\n                                                                        \n                                                                            <div class=\"team-card__position text-base text-secondary-600\">\n                                            Directeur des ventes                                        <\/div>\n                                                                    <\/div>\n                                \n                                                                    <div class=\"team-card__linkedin\">\n                                        <a href=\"https:\/\/www.linkedin.com\/in\/stefan-m%C3%BCller-schweiz\/\" target=\"_blank\" rel=\"noopener noreferrer\" class=\"team-card__linkedin-link inline-block hover:opacity-80 transition-opacity\" title=\"Stefan M\u00fcller on LinkedIn\">\n                                            <img decoding=\"async\" src=\"https:\/\/www.moeschag.ch\/wp-content\/themes\/moesch\/assets\/img\/icons\/linkedin-icon.svg\" \n                                                 alt=\"LinkedIn\" \n                                                 class=\"w-10 h-10 min-w-10 min-h-10\" \n                                                 loading=\"lazy\">\n                                        <\/a>\n                                    <\/div>\n                                                                \n                            <\/div>\n                            \n                        <\/div>\n                    <\/article>\n                    \n                                                        \n                    <article class=\"team__card bg-white border-b-6 border-b-primary\">\n                        <div class=\"team-card block h-full\">\n                            \n                                                            <div class=\"team-card__image\">\n                                    <img decoding=\"async\" width=\"2560\" height=\"2560\" src=\"https:\/\/www.moeschag.ch\/wp-content\/uploads\/2025\/12\/Marc-Mueller-scaled.jpg\" class=\"team-card__img w-full object-cover typo-off aspect-square\" alt=\"\" loading=\"lazy\" srcset=\"https:\/\/www.moeschag.ch\/wp-content\/uploads\/2025\/12\/Marc-Mueller-scaled.jpg 2560w, https:\/\/www.moeschag.ch\/wp-content\/uploads\/2025\/12\/Marc-Mueller-300x300.jpg 300w, https:\/\/www.moeschag.ch\/wp-content\/uploads\/2025\/12\/Marc-Mueller-1024x1024.jpg 1024w, https:\/\/www.moeschag.ch\/wp-content\/uploads\/2025\/12\/Marc-Mueller-150x150.jpg 150w, https:\/\/www.moeschag.ch\/wp-content\/uploads\/2025\/12\/Marc-Mueller-768x768.jpg 768w, https:\/\/www.moeschag.ch\/wp-content\/uploads\/2025\/12\/Marc-Mueller-1536x1536.jpg 1536w, https:\/\/www.moeschag.ch\/wp-content\/uploads\/2025\/12\/Marc-Mueller-2048x2048.jpg 2048w\" sizes=\"auto, (max-width: 2560px) 100vw, 2560px\" \/>                                <\/div>\n                                                        \n                            <div class=\"team-card__content py-l px-s flex justify-between\">\n                                <div class=\"team-card__info pr-2xl\">\n                                                                            <h3 class=\"team-card__name font-bold text-xl mb-7xs text-secondary-700 typo-off\">\n                                            Marc M\u00fcller                                        <\/h3>\n                                                                        \n                                                                            <div class=\"team-card__position text-base text-secondary-600\">\n                                            Directeur financier \/ administratif                                        <\/div>\n                                                                    <\/div>\n                                \n                                                                    <div class=\"team-card__linkedin\">\n                                        <a href=\"https:\/\/www.linkedin.com\/in\/marc-m%C3%BCller-968397171\/\" target=\"_blank\" rel=\"noopener noreferrer\" class=\"team-card__linkedin-link inline-block hover:opacity-80 transition-opacity\" title=\"Marc M\u00fcller on LinkedIn\">\n                                            <img decoding=\"async\" src=\"https:\/\/www.moeschag.ch\/wp-content\/themes\/moesch\/assets\/img\/icons\/linkedin-icon.svg\" \n                                                 alt=\"LinkedIn\" \n                                                 class=\"w-10 h-10 min-w-10 min-h-10\" \n                                                 loading=\"lazy\">\n                                        <\/a>\n                                    <\/div>\n                                                                \n                            <\/div>\n                            \n                        <\/div>\n                    <\/article>\n                    \n                                                        \n                    <article class=\"team__card bg-white border-b-6 border-b-primary\">\n                        <div class=\"team-card block h-full\">\n                            \n                                                            <div class=\"team-card__image\">\n                                    <img decoding=\"async\" width=\"500\" height=\"500\" src=\"https:\/\/www.moeschag.ch\/wp-content\/uploads\/2025\/09\/Jvo.png\" class=\"team-card__img w-full object-cover typo-off aspect-square\" alt=\"\" loading=\"lazy\" srcset=\"https:\/\/www.moeschag.ch\/wp-content\/uploads\/2025\/09\/Jvo.png 500w, https:\/\/www.moeschag.ch\/wp-content\/uploads\/2025\/09\/Jvo-300x300.png 300w, https:\/\/www.moeschag.ch\/wp-content\/uploads\/2025\/09\/Jvo-150x150.png 150w\" sizes=\"auto, (max-width: 500px) 100vw, 500px\" \/>                                <\/div>\n                                                        \n                            <div class=\"team-card__content py-l px-s flex justify-between\">\n                                <div class=\"team-card__info pr-2xl\">\n                                                                            <h3 class=\"team-card__name font-bold text-xl mb-7xs text-secondary-700 typo-off\">\n                                            Jvo Berglas                                        <\/h3>\n                                                                        \n                                                                            <div class=\"team-card__position text-base text-secondary-600\">\n                                            Fond\u00e9 de pouvoir \/ Charg\u00e9 de client\u00e8le                                        <\/div>\n                                                                    <\/div>\n                                \n                                                                    <div class=\"team-card__linkedin\">\n                                        <a href=\"https:\/\/www.linkedin.com\/in\/ivo-berglas-b0647b132\/\" target=\"_blank\" rel=\"noopener noreferrer\" class=\"team-card__linkedin-link inline-block hover:opacity-80 transition-opacity\" title=\"Jvo Berglas on LinkedIn\">\n                                            <img decoding=\"async\" src=\"https:\/\/www.moeschag.ch\/wp-content\/themes\/moesch\/assets\/img\/icons\/linkedin-icon.svg\" \n                                                 alt=\"LinkedIn\" \n                                                 class=\"w-10 h-10 min-w-10 min-h-10\" \n                                                 loading=\"lazy\">\n                                        <\/a>\n                                    <\/div>\n                                                                \n                            <\/div>\n                            \n                        <\/div>\n                    <\/article>\n                    \n                                                        \n                    <article class=\"team__card bg-white border-b-6 border-b-primary\">\n                        <div class=\"team-card block h-full\">\n                            \n                                                            <div class=\"team-card__image\">\n                                    <img decoding=\"async\" width=\"500\" height=\"500\" src=\"https:\/\/www.moeschag.ch\/wp-content\/uploads\/2025\/09\/Claudio.png\" class=\"team-card__img w-full object-cover typo-off aspect-square\" alt=\"\" loading=\"lazy\" srcset=\"https:\/\/www.moeschag.ch\/wp-content\/uploads\/2025\/09\/Claudio.png 500w, https:\/\/www.moeschag.ch\/wp-content\/uploads\/2025\/09\/Claudio-300x300.png 300w, https:\/\/www.moeschag.ch\/wp-content\/uploads\/2025\/09\/Claudio-150x150.png 150w\" sizes=\"auto, (max-width: 500px) 100vw, 500px\" \/>                                <\/div>\n                                                        \n                            <div class=\"team-card__content py-l px-s flex justify-between\">\n                                <div class=\"team-card__info pr-2xl\">\n                                                                            <h3 class=\"team-card__name font-bold text-xl mb-7xs text-secondary-700 typo-off\">\n                                            Claudio Turla                                        <\/h3>\n                                                                        \n                                                                            <div class=\"team-card__position text-base text-secondary-600\">\n                                            Responsable de client\u00e8le                                        <\/div>\n                                                                    <\/div>\n                                \n                                                                \n                            <\/div>\n                            \n                        <\/div>\n                    <\/article>\n                    \n                                                        \n                    <article class=\"team__card bg-white border-b-6 border-b-primary\">\n                        <div class=\"team-card block h-full\">\n                            \n                                                            <div class=\"team-card__image\">\n                                    <img decoding=\"async\" width=\"500\" height=\"500\" src=\"https:\/\/www.moeschag.ch\/wp-content\/uploads\/2025\/09\/Carla.png\" class=\"team-card__img w-full object-cover typo-off aspect-square\" alt=\"\" loading=\"lazy\" srcset=\"https:\/\/www.moeschag.ch\/wp-content\/uploads\/2025\/09\/Carla.png 500w, https:\/\/www.moeschag.ch\/wp-content\/uploads\/2025\/09\/Carla-300x300.png 300w, https:\/\/www.moeschag.ch\/wp-content\/uploads\/2025\/09\/Carla-150x150.png 150w\" sizes=\"auto, (max-width: 500px) 100vw, 500px\" \/>                                <\/div>\n                                                        \n                            <div class=\"team-card__content py-l px-s flex justify-between\">\n                                <div class=\"team-card__info pr-2xl\">\n                                                                            <h3 class=\"team-card__name font-bold text-xl mb-7xs text-secondary-700 typo-off\">\n                                            Carla Luggen                                        <\/h3>\n                                                                        \n                                                                            <div class=\"team-card__position text-base text-secondary-600\">\n                                            Administration                                        <\/div>\n                                                                    <\/div>\n                                \n                                                                \n                            <\/div>\n                            \n                        <\/div>\n                    <\/article>\n                    \n                                                        \n                    <article class=\"team__card bg-white border-b-6 border-b-primary\">\n                        <div class=\"team-card block h-full\">\n                            \n                                                            <div class=\"team-card__image\">\n                                    <img decoding=\"async\" width=\"709\" height=\"709\" src=\"https:\/\/www.moeschag.ch\/wp-content\/uploads\/2025\/12\/Corinne-Huber-1-e1764658671775.jpg\" class=\"team-card__img w-full object-cover typo-off aspect-square\" alt=\"\" loading=\"lazy\" \/>                                <\/div>\n                                                        \n                            <div class=\"team-card__content py-l px-s flex justify-between\">\n                                <div class=\"team-card__info pr-2xl\">\n                                                                            <h3 class=\"team-card__name font-bold text-xl mb-7xs text-secondary-700 typo-off\">\n                                            Corinne Huber                                        <\/h3>\n                                                                        \n                                                                            <div class=\"team-card__position text-base text-secondary-600\">\n                                            Exp\u00e9dition \/ Logistique                                        <\/div>\n                                                                    <\/div>\n                                \n                                                                \n                            <\/div>\n                            \n                        <\/div>\n                    <\/article>\n                    \n                            <\/div>\n            <\/div>\n\n    <\/div><div id=\"block_153d29b0977288130d020b94bc17565c\" class=\"block-carousel-slider block-carousel-slider--white typo-off  \">\n<div class=\"carousel-slider md:pl-6xl default-block-spacing-l bg-white\">\n        <div class=\"md:flex items-center justify-between gap-m mb-4xl\">\n                <h2 class=\"title font-bold md:mb-0 mb-3xl text-h2\">\n            Histoire<\/h2>\n                <div class=\"flex items-center gap-xs\">\n            <button type=\"button\" class=\"btn-nav-left\" aria-label=\"Previous\"><\/button>\n            <button type=\"button\" class=\"btn-nav-right btn-nag-right\" aria-label=\"Next\"><\/button>\n        <\/div>\n    <\/div>\n    \n        <div class=\"js-carousel-slider-wrap\">\n        <div class=\"js-carousel-slider swiper\">\n            <div class=\"swiper-wrapper\">\n                                <div class=\"swiper-slide\">\n                    <div class=\"carousel-item\">\n                                                <div class=\"carousel-item__image overflow-hidden h-full w-full mb-xl\">\n                            <img fetchpriority=\"high\" width=\"1200\" height=\"800\" src=\"https:\/\/www.moeschag.ch\/wp-content\/uploads\/2026\/01\/1955.jpg\" class=\"h-[200px] md:h-[500px] object-cover typo-off\" alt=\"\" loading=\"eager\" decoding=\"sync\" data-no-lazy=\"1\" srcset=\"https:\/\/www.moeschag.ch\/wp-content\/uploads\/2026\/01\/1955.jpg 1200w, https:\/\/www.moeschag.ch\/wp-content\/uploads\/2026\/01\/1955-300x200.jpg 300w, https:\/\/www.moeschag.ch\/wp-content\/uploads\/2026\/01\/1955-1024x683.jpg 1024w, https:\/\/www.moeschag.ch\/wp-content\/uploads\/2026\/01\/1955-768x512.jpg 768w\" sizes=\"(max-width: 1200px) 100vw, 1200px\" \/>                        <\/div>\n                                                <div class=\"carousel-item__content\">\n                                                        <h3                                class=\"carousel-item__heading text-xl font-bold mb-2xs text-secondary-700\">\n                                1955                            <\/h3>\n                                                                                    <div class=\"carousel-item__text text-secondary-600\">\n                                <p>Cr\u00e9ation de la soci\u00e9t\u00e9 individuelle par M. <strong>Karl M\u00f6sch<\/strong><\/p>\n                            <\/div>\n                                                    <\/div>\n                    <\/div>\n                <\/div>\n                                <div class=\"swiper-slide\">\n                    <div class=\"carousel-item\">\n                                                <div class=\"carousel-item__image overflow-hidden h-full w-full mb-xl\">\n                            <img width=\"1200\" height=\"800\" src=\"https:\/\/www.moeschag.ch\/wp-content\/uploads\/2026\/01\/1977-1.jpg\" class=\"h-[200px] md:h-[500px] object-cover typo-off\" alt=\"\" loading=\"eager\" decoding=\"sync\" data-no-lazy=\"1\" srcset=\"https:\/\/www.moeschag.ch\/wp-content\/uploads\/2026\/01\/1977-1.jpg 1200w, https:\/\/www.moeschag.ch\/wp-content\/uploads\/2026\/01\/1977-1-300x200.jpg 300w, https:\/\/www.moeschag.ch\/wp-content\/uploads\/2026\/01\/1977-1-1024x683.jpg 1024w, https:\/\/www.moeschag.ch\/wp-content\/uploads\/2026\/01\/1977-1-768x512.jpg 768w\" sizes=\"(max-width: 1200px) 100vw, 1200px\" \/>                        <\/div>\n                                                <div class=\"carousel-item__content hidden\">\n                                                        <h3                                class=\"carousel-item__heading text-xl font-bold mb-2xs text-secondary-700\">\n                                1977                            <\/h3>\n                                                                                    <div class=\"carousel-item__text text-secondary-600\">\n                                <p>Transformation en <strong>soci\u00e9t\u00e9 anonyme<\/strong><\/p>\n                            <\/div>\n                                                    <\/div>\n                    <\/div>\n                <\/div>\n                                <div class=\"swiper-slide\">\n                    <div class=\"carousel-item\">\n                                                <div class=\"carousel-item__image overflow-hidden h-full w-full mb-xl\">\n                            <img width=\"1200\" height=\"800\" src=\"https:\/\/www.moeschag.ch\/wp-content\/uploads\/2026\/01\/1984.jpg\" class=\"h-[200px] md:h-[500px] object-cover typo-off\" alt=\"\" loading=\"eager\" decoding=\"sync\" data-no-lazy=\"1\" srcset=\"https:\/\/www.moeschag.ch\/wp-content\/uploads\/2026\/01\/1984.jpg 1200w, https:\/\/www.moeschag.ch\/wp-content\/uploads\/2026\/01\/1984-300x200.jpg 300w, https:\/\/www.moeschag.ch\/wp-content\/uploads\/2026\/01\/1984-1024x683.jpg 1024w, https:\/\/www.moeschag.ch\/wp-content\/uploads\/2026\/01\/1984-768x512.jpg 768w\" sizes=\"(max-width: 1200px) 100vw, 1200px\" \/>                        <\/div>\n                                                <div class=\"carousel-item__content hidden\">\n                                                        <h3                                class=\"carousel-item__heading text-xl font-bold mb-2xs text-secondary-700\">\n                                1984                            <\/h3>\n                                                                                    <div class=\"carousel-item__text text-secondary-600\">\n                                <p>Entr\u00e9e de Mme <strong>Irma W\u00fcthrich<\/strong> en tant que collaboratrice administrative<\/p>\n                            <\/div>\n                                                    <\/div>\n                    <\/div>\n                <\/div>\n                                <div class=\"swiper-slide\">\n                    <div class=\"carousel-item\">\n                                                <div class=\"carousel-item__image overflow-hidden h-full w-full mb-xl\">\n                            <img width=\"1200\" height=\"800\" src=\"https:\/\/www.moeschag.ch\/wp-content\/uploads\/2026\/01\/1989.jpg\" class=\"h-[200px] md:h-[500px] object-cover typo-off\" alt=\"\" loading=\"eager\" decoding=\"sync\" data-no-lazy=\"1\" srcset=\"https:\/\/www.moeschag.ch\/wp-content\/uploads\/2026\/01\/1989.jpg 1200w, https:\/\/www.moeschag.ch\/wp-content\/uploads\/2026\/01\/1989-300x200.jpg 300w, https:\/\/www.moeschag.ch\/wp-content\/uploads\/2026\/01\/1989-1024x683.jpg 1024w, https:\/\/www.moeschag.ch\/wp-content\/uploads\/2026\/01\/1989-768x512.jpg 768w\" sizes=\"(max-width: 1200px) 100vw, 1200px\" \/>                        <\/div>\n                                                <div class=\"carousel-item__content hidden\">\n                                                        <h3                                class=\"carousel-item__heading text-xl font-bold mb-2xs text-secondary-700\">\n                                1989                            <\/h3>\n                                                                                    <div class=\"carousel-item__text text-secondary-600\">\n                                <p>Entr\u00e9e de M. <strong>Bruno Imseng<\/strong> en tant qu&#8217;employ\u00e9 de la logistique\/exp\u00e9dition<\/p>\n                            <\/div>\n                                                    <\/div>\n                    <\/div>\n                <\/div>\n                                <div class=\"swiper-slide\">\n                    <div class=\"carousel-item\">\n                                                <div class=\"carousel-item__image overflow-hidden h-full w-full mb-xl\">\n                            <img width=\"1200\" height=\"800\" src=\"https:\/\/www.moeschag.ch\/wp-content\/uploads\/2026\/01\/1992.jpg\" class=\"h-[200px] md:h-[500px] object-cover typo-off\" alt=\"\" loading=\"eager\" decoding=\"sync\" data-no-lazy=\"1\" srcset=\"https:\/\/www.moeschag.ch\/wp-content\/uploads\/2026\/01\/1992.jpg 1200w, https:\/\/www.moeschag.ch\/wp-content\/uploads\/2026\/01\/1992-300x200.jpg 300w, https:\/\/www.moeschag.ch\/wp-content\/uploads\/2026\/01\/1992-1024x683.jpg 1024w, https:\/\/www.moeschag.ch\/wp-content\/uploads\/2026\/01\/1992-768x512.jpg 768w\" sizes=\"(max-width: 1200px) 100vw, 1200px\" \/>                        <\/div>\n                                                <div class=\"carousel-item__content hidden\">\n                                                        <h3                                class=\"carousel-item__heading text-xl font-bold mb-2xs text-secondary-700\">\n                                1992                            <\/h3>\n                                                                                    <div class=\"carousel-item__text text-secondary-600\">\n                                <p>M. <strong>Werner M\u00fcller<\/strong> reprend l&rsquo;entreprise<\/p>\n                            <\/div>\n                                                    <\/div>\n                    <\/div>\n                <\/div>\n                                <div class=\"swiper-slide\">\n                    <div class=\"carousel-item\">\n                                                <div class=\"carousel-item__image overflow-hidden h-full w-full mb-xl\">\n                            <img width=\"1200\" height=\"800\" src=\"https:\/\/www.moeschag.ch\/wp-content\/uploads\/2026\/01\/1994.jpg\" class=\"h-[200px] md:h-[500px] object-cover typo-off\" alt=\"\" loading=\"eager\" decoding=\"sync\" data-no-lazy=\"1\" srcset=\"https:\/\/www.moeschag.ch\/wp-content\/uploads\/2026\/01\/1994.jpg 1200w, https:\/\/www.moeschag.ch\/wp-content\/uploads\/2026\/01\/1994-300x200.jpg 300w, https:\/\/www.moeschag.ch\/wp-content\/uploads\/2026\/01\/1994-1024x683.jpg 1024w, https:\/\/www.moeschag.ch\/wp-content\/uploads\/2026\/01\/1994-768x512.jpg 768w\" sizes=\"(max-width: 1200px) 100vw, 1200px\" \/>                        <\/div>\n                                                <div class=\"carousel-item__content hidden\">\n                                                        <h3                                class=\"carousel-item__heading text-xl font-bold mb-2xs text-secondary-700\">\n                                1994                            <\/h3>\n                                                                                    <div class=\"carousel-item__text text-secondary-600\">\n                                <p>D\u00e9m\u00e9nagement de Schlieren ZH vers le nouveau site de <strong>M\u00e4genwil AG<\/strong><\/p>\n                            <\/div>\n                                                    <\/div>\n                    <\/div>\n                <\/div>\n                                <div class=\"swiper-slide\">\n                    <div class=\"carousel-item\">\n                                                <div class=\"carousel-item__image overflow-hidden h-full w-full mb-xl\">\n                            <img width=\"1200\" height=\"800\" src=\"https:\/\/www.moeschag.ch\/wp-content\/uploads\/2026\/01\/2000.jpg\" class=\"h-[200px] md:h-[500px] object-cover typo-off\" alt=\"\" loading=\"eager\" decoding=\"sync\" data-no-lazy=\"1\" srcset=\"https:\/\/www.moeschag.ch\/wp-content\/uploads\/2026\/01\/2000.jpg 1200w, https:\/\/www.moeschag.ch\/wp-content\/uploads\/2026\/01\/2000-300x200.jpg 300w, https:\/\/www.moeschag.ch\/wp-content\/uploads\/2026\/01\/2000-1024x683.jpg 1024w, https:\/\/www.moeschag.ch\/wp-content\/uploads\/2026\/01\/2000-768x512.jpg 768w\" sizes=\"(max-width: 1200px) 100vw, 1200px\" \/>                        <\/div>\n                                                <div class=\"carousel-item__content hidden\">\n                                                        <h3                                class=\"carousel-item__heading text-xl font-bold mb-2xs text-secondary-700\">\n                                2000                            <\/h3>\n                                                                                    <div class=\"carousel-item__text text-secondary-600\">\n                                <p>L&rsquo;entreprise K. M\u00f6sch AG pr\u00e9sente <strong>son propre site web<\/strong> \u00e0 l&rsquo;adresse <a href=\"https:\/\/www.moeschag.ch\/fr\/\">www.moeschag.ch<\/a><\/p>\n                            <\/div>\n                                                    <\/div>\n                    <\/div>\n                <\/div>\n                                <div class=\"swiper-slide\">\n                    <div class=\"carousel-item\">\n                                                <div class=\"carousel-item__image overflow-hidden h-full w-full mb-xl\">\n                            <img width=\"1200\" height=\"800\" src=\"https:\/\/www.moeschag.ch\/wp-content\/uploads\/2026\/01\/2001.jpg\" class=\"h-[200px] md:h-[500px] object-cover typo-off\" alt=\"\" loading=\"eager\" decoding=\"sync\" data-no-lazy=\"1\" srcset=\"https:\/\/www.moeschag.ch\/wp-content\/uploads\/2026\/01\/2001.jpg 1200w, https:\/\/www.moeschag.ch\/wp-content\/uploads\/2026\/01\/2001-300x200.jpg 300w, https:\/\/www.moeschag.ch\/wp-content\/uploads\/2026\/01\/2001-1024x683.jpg 1024w, https:\/\/www.moeschag.ch\/wp-content\/uploads\/2026\/01\/2001-768x512.jpg 768w\" sizes=\"(max-width: 1200px) 100vw, 1200px\" \/>                        <\/div>\n                                                <div class=\"carousel-item__content hidden\">\n                                                        <h3                                class=\"carousel-item__heading text-xl font-bold mb-2xs text-secondary-700\">\n                                2001                            <\/h3>\n                                                                                    <div class=\"carousel-item__text text-secondary-600\">\n                                <p>Entr\u00e9e de M. <strong>August Schmid<\/strong> en tant que charg\u00e9 de client\u00e8le<\/p>\n                            <\/div>\n                                                    <\/div>\n                    <\/div>\n                <\/div>\n                                <div class=\"swiper-slide\">\n                    <div class=\"carousel-item\">\n                                                <div class=\"carousel-item__image overflow-hidden h-full w-full mb-xl\">\n                            <img width=\"1200\" height=\"800\" src=\"https:\/\/www.moeschag.ch\/wp-content\/uploads\/2026\/01\/2007.jpg\" class=\"h-[200px] md:h-[500px] object-cover typo-off\" alt=\"\" loading=\"eager\" decoding=\"sync\" data-no-lazy=\"1\" srcset=\"https:\/\/www.moeschag.ch\/wp-content\/uploads\/2026\/01\/2007.jpg 1200w, https:\/\/www.moeschag.ch\/wp-content\/uploads\/2026\/01\/2007-300x200.jpg 300w, https:\/\/www.moeschag.ch\/wp-content\/uploads\/2026\/01\/2007-1024x683.jpg 1024w, https:\/\/www.moeschag.ch\/wp-content\/uploads\/2026\/01\/2007-768x512.jpg 768w\" sizes=\"(max-width: 1200px) 100vw, 1200px\" \/>                        <\/div>\n                                                <div class=\"carousel-item__content hidden\">\n                                                        <h3                                class=\"carousel-item__heading text-xl font-bold mb-2xs text-secondary-700\">\n                                2007                            <\/h3>\n                                                                                    <div class=\"carousel-item__text text-secondary-600\">\n                                <p><strong>Reprise<\/strong> des activit\u00e9s de la soci\u00e9t\u00e9 <strong>Enor AG<\/strong> Z\u00fcrich et des clients et fournisseurs qui y sont li\u00e9s.<\/p>\n                            <\/div>\n                                                    <\/div>\n                    <\/div>\n                <\/div>\n                                <div class=\"swiper-slide\">\n                    <div class=\"carousel-item\">\n                                                <div class=\"carousel-item__image overflow-hidden h-full w-full mb-xl\">\n                            <img width=\"1200\" height=\"800\" src=\"https:\/\/www.moeschag.ch\/wp-content\/uploads\/2026\/01\/2008_Jvo_Berglas.jpg\" class=\"h-[200px] md:h-[500px] object-cover typo-off\" alt=\"\" loading=\"eager\" decoding=\"sync\" data-no-lazy=\"1\" srcset=\"https:\/\/www.moeschag.ch\/wp-content\/uploads\/2026\/01\/2008_Jvo_Berglas.jpg 1200w, https:\/\/www.moeschag.ch\/wp-content\/uploads\/2026\/01\/2008_Jvo_Berglas-300x200.jpg 300w, https:\/\/www.moeschag.ch\/wp-content\/uploads\/2026\/01\/2008_Jvo_Berglas-1024x683.jpg 1024w, https:\/\/www.moeschag.ch\/wp-content\/uploads\/2026\/01\/2008_Jvo_Berglas-768x512.jpg 768w\" sizes=\"(max-width: 1200px) 100vw, 1200px\" \/>                        <\/div>\n                                                <div class=\"carousel-item__content hidden\">\n                                                        <h3                                class=\"carousel-item__heading text-xl font-bold mb-2xs text-secondary-700\">\n                                2008                            <\/h3>\n                                                                                    <div class=\"carousel-item__text text-secondary-600\">\n                                <p>Entr\u00e9e de M. <strong>Jvo Berglas<\/strong> en tant que charg\u00e9 de client\u00e8le<\/p>\n                            <\/div>\n                                                    <\/div>\n                    <\/div>\n                <\/div>\n                                <div class=\"swiper-slide\">\n                    <div class=\"carousel-item\">\n                                                <div class=\"carousel-item__image overflow-hidden h-full w-full mb-xl\">\n                            <img width=\"1200\" height=\"800\" src=\"https:\/\/www.moeschag.ch\/wp-content\/uploads\/2026\/01\/2009_Marc_Mueller.jpg\" class=\"h-[200px] md:h-[500px] object-cover typo-off\" alt=\"\" loading=\"eager\" decoding=\"sync\" data-no-lazy=\"1\" srcset=\"https:\/\/www.moeschag.ch\/wp-content\/uploads\/2026\/01\/2009_Marc_Mueller.jpg 1200w, https:\/\/www.moeschag.ch\/wp-content\/uploads\/2026\/01\/2009_Marc_Mueller-300x200.jpg 300w, https:\/\/www.moeschag.ch\/wp-content\/uploads\/2026\/01\/2009_Marc_Mueller-1024x683.jpg 1024w, https:\/\/www.moeschag.ch\/wp-content\/uploads\/2026\/01\/2009_Marc_Mueller-768x512.jpg 768w\" sizes=\"(max-width: 1200px) 100vw, 1200px\" \/>                        <\/div>\n                                                <div class=\"carousel-item__content hidden\">\n                                                        <h3                                class=\"carousel-item__heading text-xl font-bold mb-2xs text-secondary-700\">\n                                2009                            <\/h3>\n                                                                                    <div class=\"carousel-item__text text-secondary-600\">\n                                <p>Entr\u00e9e de M. <strong>Marc M\u00fcller<\/strong> au service interne<\/p>\n                            <\/div>\n                                                    <\/div>\n                    <\/div>\n                <\/div>\n                                <div class=\"swiper-slide\">\n                    <div class=\"carousel-item\">\n                                                <div class=\"carousel-item__image overflow-hidden h-full w-full mb-xl\">\n                            <img width=\"1200\" height=\"800\" src=\"https:\/\/www.moeschag.ch\/wp-content\/uploads\/2026\/01\/2011_Bruno_Imseng.jpg\" class=\"h-[200px] md:h-[500px] object-cover typo-off\" alt=\"\" loading=\"eager\" decoding=\"sync\" data-no-lazy=\"1\" srcset=\"https:\/\/www.moeschag.ch\/wp-content\/uploads\/2026\/01\/2011_Bruno_Imseng.jpg 1200w, https:\/\/www.moeschag.ch\/wp-content\/uploads\/2026\/01\/2011_Bruno_Imseng-300x200.jpg 300w, https:\/\/www.moeschag.ch\/wp-content\/uploads\/2026\/01\/2011_Bruno_Imseng-1024x683.jpg 1024w, https:\/\/www.moeschag.ch\/wp-content\/uploads\/2026\/01\/2011_Bruno_Imseng-768x512.jpg 768w\" sizes=\"(max-width: 1200px) 100vw, 1200px\" \/>                        <\/div>\n                                                <div class=\"carousel-item__content hidden\">\n                                                        <h3                                class=\"carousel-item__heading text-xl font-bold mb-2xs text-secondary-700\">\n                                2011                            <\/h3>\n                                                                                    <div class=\"carousel-item__text text-secondary-600\">\n                                <p>D\u00e9part de M. <strong>Bruno Imseng <\/strong>&#8211; Apr\u00e8s <strong>22 ans de service<\/strong> dans notre entreprise, M. Imseng prend une<strong> retraite<\/strong> bien m\u00e9rit\u00e9e.<\/p>\n                            <\/div>\n                                                    <\/div>\n                    <\/div>\n                <\/div>\n                                <div class=\"swiper-slide\">\n                    <div class=\"carousel-item\">\n                                                <div class=\"carousel-item__image overflow-hidden h-full w-full mb-xl\">\n                            <img width=\"1200\" height=\"800\" src=\"https:\/\/www.moeschag.ch\/wp-content\/uploads\/2026\/01\/2013_Stefan_Mueller.jpg\" class=\"h-[200px] md:h-[500px] object-cover typo-off\" alt=\"\" loading=\"eager\" decoding=\"sync\" data-no-lazy=\"1\" srcset=\"https:\/\/www.moeschag.ch\/wp-content\/uploads\/2026\/01\/2013_Stefan_Mueller.jpg 1200w, https:\/\/www.moeschag.ch\/wp-content\/uploads\/2026\/01\/2013_Stefan_Mueller-300x200.jpg 300w, https:\/\/www.moeschag.ch\/wp-content\/uploads\/2026\/01\/2013_Stefan_Mueller-1024x683.jpg 1024w, https:\/\/www.moeschag.ch\/wp-content\/uploads\/2026\/01\/2013_Stefan_Mueller-768x512.jpg 768w\" sizes=\"(max-width: 1200px) 100vw, 1200px\" \/>                        <\/div>\n                                                <div class=\"carousel-item__content hidden\">\n                                                        <h3                                class=\"carousel-item__heading text-xl font-bold mb-2xs text-secondary-700\">\n                                2013                            <\/h3>\n                                                                                    <div class=\"carousel-item__text text-secondary-600\">\n                                <p>Entr\u00e9e de M. <strong>Stefan M\u00fcller<\/strong> en tant que charg\u00e9 de client\u00e8le<\/p>\n                            <\/div>\n                                                    <\/div>\n                    <\/div>\n                <\/div>\n                                <div class=\"swiper-slide\">\n                    <div class=\"carousel-item\">\n                                                <div class=\"carousel-item__image overflow-hidden h-full w-full mb-xl\">\n                            <img width=\"1200\" height=\"800\" src=\"https:\/\/www.moeschag.ch\/wp-content\/uploads\/2026\/01\/2015.jpg\" class=\"h-[200px] md:h-[500px] object-cover typo-off\" alt=\"\" loading=\"eager\" decoding=\"sync\" data-no-lazy=\"1\" srcset=\"https:\/\/www.moeschag.ch\/wp-content\/uploads\/2026\/01\/2015.jpg 1200w, https:\/\/www.moeschag.ch\/wp-content\/uploads\/2026\/01\/2015-300x200.jpg 300w, https:\/\/www.moeschag.ch\/wp-content\/uploads\/2026\/01\/2015-1024x683.jpg 1024w, https:\/\/www.moeschag.ch\/wp-content\/uploads\/2026\/01\/2015-768x512.jpg 768w\" sizes=\"(max-width: 1200px) 100vw, 1200px\" \/>                        <\/div>\n                                                <div class=\"carousel-item__content hidden\">\n                                                        <h3                                class=\"carousel-item__heading text-xl font-bold mb-2xs text-secondary-700\">\n                                2015                            <\/h3>\n                                                                                    <div class=\"carousel-item__text text-secondary-600\">\n                                <p>D\u00e9part de Mme <strong>Irma W\u00fcthrich<\/strong> &#8211; Apr\u00e8s 31<strong> ans de service<\/strong> dans notre entreprise, Mme W\u00fcthrich prend une<strong> retraite<\/strong> bien m\u00e9rit\u00e9e.<\/p>\n                            <\/div>\n                                                    <\/div>\n                    <\/div>\n                <\/div>\n                                <div class=\"swiper-slide\">\n                    <div class=\"carousel-item\">\n                                                <div class=\"carousel-item__image overflow-hidden h-full w-full mb-xl\">\n                            <img width=\"1200\" height=\"800\" src=\"https:\/\/www.moeschag.ch\/wp-content\/uploads\/2026\/01\/2016.jpg\" class=\"h-[200px] md:h-[500px] object-cover typo-off\" alt=\"\" loading=\"eager\" decoding=\"sync\" data-no-lazy=\"1\" srcset=\"https:\/\/www.moeschag.ch\/wp-content\/uploads\/2026\/01\/2016.jpg 1200w, https:\/\/www.moeschag.ch\/wp-content\/uploads\/2026\/01\/2016-300x200.jpg 300w, https:\/\/www.moeschag.ch\/wp-content\/uploads\/2026\/01\/2016-1024x683.jpg 1024w, https:\/\/www.moeschag.ch\/wp-content\/uploads\/2026\/01\/2016-768x512.jpg 768w\" sizes=\"(max-width: 1200px) 100vw, 1200px\" \/>                        <\/div>\n                                                <div class=\"carousel-item__content hidden\">\n                                                        <h3                                class=\"carousel-item__heading text-xl font-bold mb-2xs text-secondary-700\">\n                                2016                            <\/h3>\n                                                                                    <div class=\"carousel-item__text text-secondary-600\">\n                                <p>La soci\u00e9t\u00e9 K. M\u00f6sch AG se pr\u00e9sente avec un <strong>nouveau site web<\/strong><\/p>\n<p><strong>Marc M\u00fcller<\/strong> et <strong>Stefan M\u00fcller<\/strong> sont nouvellement <strong>\u00e9lus au conseil d&rsquo;administration<\/strong><\/p>\n<p>Entr\u00e9e de Mme <strong>Carla Luggen<\/strong> comme collaboratrice administrative<\/p>\n                            <\/div>\n                                                    <\/div>\n                    <\/div>\n                <\/div>\n                                <div class=\"swiper-slide\">\n                    <div class=\"carousel-item\">\n                                                <div class=\"carousel-item__image overflow-hidden h-full w-full mb-xl\">\n                            <img width=\"1200\" height=\"800\" src=\"https:\/\/www.moeschag.ch\/wp-content\/uploads\/2026\/01\/2017_Corinne_Huber.jpg\" class=\"h-[200px] md:h-[500px] object-cover typo-off\" alt=\"\" loading=\"eager\" decoding=\"sync\" data-no-lazy=\"1\" srcset=\"https:\/\/www.moeschag.ch\/wp-content\/uploads\/2026\/01\/2017_Corinne_Huber.jpg 1200w, https:\/\/www.moeschag.ch\/wp-content\/uploads\/2026\/01\/2017_Corinne_Huber-300x200.jpg 300w, https:\/\/www.moeschag.ch\/wp-content\/uploads\/2026\/01\/2017_Corinne_Huber-1024x683.jpg 1024w, https:\/\/www.moeschag.ch\/wp-content\/uploads\/2026\/01\/2017_Corinne_Huber-768x512.jpg 768w\" sizes=\"(max-width: 1200px) 100vw, 1200px\" \/>                        <\/div>\n                                                <div class=\"carousel-item__content hidden\">\n                                                        <h3                                class=\"carousel-item__heading text-xl font-bold mb-2xs text-secondary-700\">\n                                2017                            <\/h3>\n                                                                                    <div class=\"carousel-item__text text-secondary-600\">\n                                <p>Entr\u00e9e de Mme <strong>Corinne Huber<\/strong> en tant que collaboratrice logistique\/exp\u00e9dition<\/p>\n                            <\/div>\n                                                    <\/div>\n                    <\/div>\n                <\/div>\n                                <div class=\"swiper-slide\">\n                    <div class=\"carousel-item\">\n                                                <div class=\"carousel-item__image overflow-hidden h-full w-full mb-xl\">\n                            <img width=\"1200\" height=\"800\" src=\"https:\/\/www.moeschag.ch\/wp-content\/uploads\/2026\/01\/2020_Uebergabe_Moesch.jpg\" class=\"h-[200px] md:h-[500px] object-cover typo-off\" alt=\"\" loading=\"eager\" decoding=\"sync\" data-no-lazy=\"1\" srcset=\"https:\/\/www.moeschag.ch\/wp-content\/uploads\/2026\/01\/2020_Uebergabe_Moesch.jpg 1200w, https:\/\/www.moeschag.ch\/wp-content\/uploads\/2026\/01\/2020_Uebergabe_Moesch-300x200.jpg 300w, https:\/\/www.moeschag.ch\/wp-content\/uploads\/2026\/01\/2020_Uebergabe_Moesch-1024x683.jpg 1024w, https:\/\/www.moeschag.ch\/wp-content\/uploads\/2026\/01\/2020_Uebergabe_Moesch-768x512.jpg 768w\" sizes=\"(max-width: 1200px) 100vw, 1200px\" \/>                        <\/div>\n                                                <div class=\"carousel-item__content hidden\">\n                                                        <h3                                class=\"carousel-item__heading text-xl font-bold mb-2xs text-secondary-700\">\n                                2020                            <\/h3>\n                                                                                    <div class=\"carousel-item__text text-secondary-600\">\n                                <p><strong>Transmission de la soci\u00e9t\u00e9 K. M\u00f6sch AG<\/strong> par <strong>Werner M\u00fcller<\/strong> \u00e0 ses <strong>deux fils<\/strong> Marc et Stefan M\u00fcller<\/p>\n<p>Le nouveau conseil d&rsquo;administration se compose comme suit :<\/p>\n<p>Stefan M\u00fcller, pr\u00e9sident du conseil d&rsquo;administration<\/p>\n<p>Marc M\u00fcller, membre du conseil d&rsquo;administration<\/p>\n                            <\/div>\n                                                    <\/div>\n                    <\/div>\n                <\/div>\n                                <div class=\"swiper-slide\">\n                    <div class=\"carousel-item\">\n                                                <div class=\"carousel-item__image overflow-hidden h-full w-full mb-xl\">\n                            <img width=\"1200\" height=\"800\" src=\"https:\/\/www.moeschag.ch\/wp-content\/uploads\/2026\/01\/2021.jpg\" class=\"h-[200px] md:h-[500px] object-cover typo-off\" alt=\"\" loading=\"eager\" decoding=\"sync\" data-no-lazy=\"1\" srcset=\"https:\/\/www.moeschag.ch\/wp-content\/uploads\/2026\/01\/2021.jpg 1200w, https:\/\/www.moeschag.ch\/wp-content\/uploads\/2026\/01\/2021-300x200.jpg 300w, https:\/\/www.moeschag.ch\/wp-content\/uploads\/2026\/01\/2021-1024x683.jpg 1024w, https:\/\/www.moeschag.ch\/wp-content\/uploads\/2026\/01\/2021-768x512.jpg 768w\" sizes=\"(max-width: 1200px) 100vw, 1200px\" \/>                        <\/div>\n                                                <div class=\"carousel-item__content hidden\">\n                                                        <h3                                class=\"carousel-item__heading text-xl font-bold mb-2xs text-secondary-700\">\n                                2021                            <\/h3>\n                                                                                    <div class=\"carousel-item__text text-secondary-600\">\n                                <p>D\u00e9part de Mme <strong>Christa Schweizer<\/strong> &#8211; Apr\u00e8s presque <strong>40 ans de service<\/strong> dans notre entreprise, Mme Schweizer prend une<strong> retraite<\/strong> bien m\u00e9rit\u00e9e.<\/p>\n                            <\/div>\n                                                    <\/div>\n                    <\/div>\n                <\/div>\n                                <div class=\"swiper-slide\">\n                    <div class=\"carousel-item\">\n                                                <div class=\"carousel-item__image overflow-hidden h-full w-full mb-xl\">\n                            <img width=\"1200\" height=\"800\" src=\"https:\/\/www.moeschag.ch\/wp-content\/uploads\/2026\/01\/2023.jpg\" class=\"h-[200px] md:h-[500px] object-cover typo-off\" alt=\"\" loading=\"eager\" decoding=\"sync\" data-no-lazy=\"1\" srcset=\"https:\/\/www.moeschag.ch\/wp-content\/uploads\/2026\/01\/2023.jpg 1200w, https:\/\/www.moeschag.ch\/wp-content\/uploads\/2026\/01\/2023-300x200.jpg 300w, https:\/\/www.moeschag.ch\/wp-content\/uploads\/2026\/01\/2023-1024x683.jpg 1024w, https:\/\/www.moeschag.ch\/wp-content\/uploads\/2026\/01\/2023-768x512.jpg 768w\" sizes=\"(max-width: 1200px) 100vw, 1200px\" \/>                        <\/div>\n                                                <div class=\"carousel-item__content hidden\">\n                                                        <h3                                class=\"carousel-item__heading text-xl font-bold mb-2xs text-secondary-700\">\n                                2023                            <\/h3>\n                                                                                    <div class=\"carousel-item__text text-secondary-600\">\n                                <p>D\u00e9part de M. <strong>August Schmid<\/strong>&#8211; Apr\u00e8s presque <strong>22 ans de service<\/strong> dans notre entreprise, M. Schmid prend une <strong>retraite<\/strong> bien m\u00e9rit\u00e9e<\/p>\n<p>Arriv\u00e9e de M. <strong>Claudio Turla<\/strong> en tant que responsable de client\u00e8le<\/p>\n                            <\/div>\n                                                    <\/div>\n                    <\/div>\n                <\/div>\n                                <!-- Fake slide for alignment -->\n                <div class=\"swiper-slide carousel-slide-fake\"><\/div>\n            <\/div>\n        <\/div>\n    <\/div>\n    <\/div>\n\n<\/div>\n<p><\/p>\n","protected":false},"excerpt":{"rendered":"<p>Nous sommes une entreprise familiale d&rsquo;envergure nationale sp\u00e9cialis\u00e9e dans le commerce d&rsquo;applications industrielles. D\u00e8s la cr\u00e9ation de l&rsquo;entreprise, notre gamme de produits comprenait des \u00e9lectrovannes, des thermostats, des radiateurs \u00e9lectriques et des programmateurs. Au fil des ann\u00e9es, de nombreux autres produits ont \u00e9t\u00e9 ajout\u00e9s, tels que des cartouches chauffantes \u00e0 haut rendement, des vannes pneumatiques, [&hellip;]<\/p>\n","protected":false},"author":1,"featured_media":0,"parent":0,"menu_order":4,"comment_status":"closed","ping_status":"closed","template":"","meta":{"_acf_changed":false,"footnotes":""},"class_list":["post-3518","page","type-page","status-publish",""],"acf":[],"_links":{"self":[{"href":"https:\/\/www.moeschag.ch\/fr\/wp-json\/wp\/v2\/pages\/3518","targetHints":{"allow":["GET"]}}],"collection":[{"href":"https:\/\/www.moeschag.ch\/fr\/wp-json\/wp\/v2\/pages"}],"about":[{"href":"https:\/\/www.moeschag.ch\/fr\/wp-json\/wp\/v2\/types\/page"}],"author":[{"embeddable":true,"href":"https:\/\/www.moeschag.ch\/fr\/wp-json\/wp\/v2\/users\/1"}],"replies":[{"embeddable":true,"href":"https:\/\/www.moeschag.ch\/fr\/wp-json\/wp\/v2\/comments?post=3518"}],"version-history":[{"count":1,"href":"https:\/\/www.moeschag.ch\/fr\/wp-json\/wp\/v2\/pages\/3518\/revisions"}],"predecessor-version":[{"id":3519,"href":"https:\/\/www.moeschag.ch\/fr\/wp-json\/wp\/v2\/pages\/3518\/revisions\/3519"}],"wp:attachment":[{"href":"https:\/\/www.moeschag.ch\/fr\/wp-json\/wp\/v2\/media?parent=3518"}],"curies":[{"name":"wp","href":"https:\/\/api.w.org\/{rel}","templated":true}]}}