{"id":3538,"date":"2025-10-14T00:50:22","date_gmt":"2025-10-13T22:50:22","guid":{"rendered":"https:\/\/www.moeschag.ch\/mentions-legales\/"},"modified":"2026-03-06T11:01:45","modified_gmt":"2026-03-06T10:01:45","slug":"mentions-legales","status":"publish","type":"page","link":"https:\/\/www.moeschag.ch\/fr\/mentions-legales\/","title":{"rendered":"Mentions l\u00e9gales"},"content":{"rendered":"\n<p><em>Ces mentions l\u00e9gales ont \u00e9t\u00e9 mises \u00e0 jour pour la derni\u00e8re fois le 5 mai 2025.<\/em><\/p>\n\n<p>Le propri\u00e9taire de ce site web est :<\/p>\n\n<p>K. M\u00f6sch AG Aktiengesellschaft (AG)<br\/>Hinterm\u00e4ttlistrasse 11<br\/>CH-5506 M\u00e4genwil<br\/>Suisse<\/p>\n\n<p><br\/>E-mail : info@moeschag.ch<br\/>Num\u00e9ro de t\u00e9l\u00e9phone : +41 62 887 23 33<\/p>\n\n<p><br\/>Num\u00e9ro d&rsquo;identification TVA : CHE-107.155.555 TVA<br\/>Paragraphe<\/p>\n\n<p>Le(s) repr\u00e9sentant(s) l\u00e9gal(aux) de K. M\u00f6sch AG Aktiengesellschaft (AG) :<\/p>\n\n<p>Stefan M\u00fcller<\/p>\n\n<h2 class=\"wp-block-heading\">1. G\u00e9n\u00e9ralit\u00e9s<\/h2>\n\n<p>Nous ne sommes ni dispos\u00e9s ni tenus de participer \u00e0 une proc\u00e9dure de r\u00e8glement des litiges devant un organisme de conciliation des consommateurs.<\/p>\n\n<p><\/p>\n","protected":false},"excerpt":{"rendered":"<p>Ces mentions l\u00e9gales ont \u00e9t\u00e9 mises \u00e0 jour pour la derni\u00e8re fois le 5 mai 2025. Le propri\u00e9taire de ce site web est : K. M\u00f6sch AG Aktiengesellschaft (AG)Hinterm\u00e4ttlistrasse 11CH-5506 M\u00e4genwilSuisse E-mail : info@moeschag.chNum\u00e9ro de t\u00e9l\u00e9phone : +41 62 887 23 33 Num\u00e9ro d&rsquo;identification TVA : CHE-107.155.555 TVAParagraphe Le(s) repr\u00e9sentant(s) l\u00e9gal(aux) de K. M\u00f6sch AG [&hellip;]<\/p>\n","protected":false},"author":1,"featured_media":0,"parent":0,"menu_order":6,"comment_status":"closed","ping_status":"closed","template":"page-single.php","meta":{"_acf_changed":false,"footnotes":""},"class_list":["post-3538","page","type-page","status-publish",""],"acf":[],"_links":{"self":[{"href":"https:\/\/www.moeschag.ch\/fr\/wp-json\/wp\/v2\/pages\/3538","targetHints":{"allow":["GET"]}}],"collection":[{"href":"https:\/\/www.moeschag.ch\/fr\/wp-json\/wp\/v2\/pages"}],"about":[{"href":"https:\/\/www.moeschag.ch\/fr\/wp-json\/wp\/v2\/types\/page"}],"author":[{"embeddable":true,"href":"https:\/\/www.moeschag.ch\/fr\/wp-json\/wp\/v2\/users\/1"}],"replies":[{"embeddable":true,"href":"https:\/\/www.moeschag.ch\/fr\/wp-json\/wp\/v2\/comments?post=3538"}],"version-history":[{"count":1,"href":"https:\/\/www.moeschag.ch\/fr\/wp-json\/wp\/v2\/pages\/3538\/revisions"}],"predecessor-version":[{"id":3539,"href":"https:\/\/www.moeschag.ch\/fr\/wp-json\/wp\/v2\/pages\/3538\/revisions\/3539"}],"wp:attachment":[{"href":"https:\/\/www.moeschag.ch\/fr\/wp-json\/wp\/v2\/media?parent=3538"}],"curies":[{"name":"wp","href":"https:\/\/api.w.org\/{rel}","templated":true}]}}